{"id":3793,"date":"2021-02-21T14:31:34","date_gmt":"2021-02-21T13:31:34","guid":{"rendered":"https:\/\/www.jschamberi.org\/blog\/?page_id=3793"},"modified":"2024-10-22T15:59:08","modified_gmt":"2024-10-22T14:59:08","slug":"nosotros","status":"publish","type":"page","link":"https:\/\/www.jschamberi.org\/blog\/?page_id=3793","title":{"rendered":"Nosotros"},"content":{"rendered":"\n<p>Bienvenid@ compa\u00f1er@ a la p\u00e1gina web de Juventudes Socialistas de Chamber\u00ed, una organizaci\u00f3n pol\u00edtica y juvenil con ganas de mejorar la realidad social, convencidos de que no podemos quedarnos indiferentes y no alzar la voz ante las injusticias y las desigualdades de nuestro alrededor.<\/p>\n\n\n\n<p>Miembros de la Comisi\u00f3n Ejecutiva de Distrito (CED) de Juventudes Socialistas de Chamber\u00ed:<\/p>\n\n\n\n<p><font color=\"#FF0000\" style=\"\"><b><strong>Secretar\u00eda<\/strong><\/b><\/font><strong><font color=\"#FF0000\"> General: <\/font><\/strong> Rim Mazouzi<\/p>\n\n\n\n<p><strong><font color=\"#FF0000\">Secretar\u00eda de Organizaci\u00f3n: <\/font><\/strong>Angie Mart\u00ednez<\/p>\n\n\n\n<p><strong><font color=\"#FF0000\">Secretar\u00eda de Pol\u00edtica Institucional: <\/font><\/strong>Alfonso Lorente<\/p>\n\n\n\n<p><strong><span style=\"color:#f90004\" class=\"has-inline-color\">Secretar\u00eda de Igualdad:<\/span><span style=\"color:#ef380f\" class=\"has-inline-color\"> <\/span><\/strong>Almudena Garrido<\/p>\n\n\n\n<p><strong><span style=\"color:#ff0004\" class=\"has-inline-color\">Secretar\u00eda de Cultura y Deporte: <\/span><\/strong>Pablo Ocio<\/p>\n\n\n\n<p><strong><span style=\"color:#fd0004\" class=\"has-inline-color\">Secretar\u00eda de Educaci\u00f3n: <\/span><\/strong>Mar\u00eda Roncero<\/p>\n\n\n\n<p><strong><span style=\"color:#fb0409\" class=\"has-inline-color\">Secretar\u00eda de Diversidad \u00c9tnico y Racial:<\/span> <\/strong>Kevin Arlindo<\/p>\n\n\n\n<p><span style=\"color:#ff0004\" class=\"has-inline-color\"><strong><font color=\"#FF0000\">Secretar\u00eda de <\/font>Comunicaci\u00f3n<\/strong>:<\/span> Isabel Mart\u00ednez<\/p>\n\n\n\n<p><strong><font color=\"#FF0000\">Secretar\u00eda LGTBIQ+:<\/font><\/strong> Borja Ochoa<\/p>\n\n\n\n<p><\/p>\n\n\n\n<p><strong>\u00bfD\u00f3nde estamos?<\/strong><\/p>\n\n\n\n<p>Si estas interesad@ en participar en la vida pol\u00edtica, o si tan solo tienes curiosidad por conocer de primera mano nuestra organizaci\u00f3n, te invitamos a que te acerques por la <strong>sede de Juventudes Socialistas de Chamber\u00ed<\/strong>.<\/p>\n\n\n\n<p>Normalmente, nos reunimos los viernes por la tarde, sobre las 19h30, pero te invitamos a que te pongas en contacto con nosotr@s si quiere asistir, para avisarte de los distintos actos que tenemos organizados.<\/p>\n\n\n\n<p>Nos encontrar\u00e1s en la <strong><a href=\"https:\/\/maps.google.es\/maps?q=calle+Guzm%C3%A1n+'el+Bueno'+62&amp;ie=UTF-8&amp;hl=es\">calle Guzm\u00e1n &#8216;el Bueno&#8217;, entre los n\u00fameros 62 y 64<\/a><\/strong>, entrando por el garaje como muestran las siguientes fotos. Al final del pasaje peatonal encontrar\u00e1s nuestra sede, con puerta roja y un cartel del PSOE. Si tienes cualquier pregunta, escr\u00edbenos a jschamberi@gmail.com<\/p>\n\n\n\n<div class=\"wp-block-image\"><figure class=\"aligncenter\"><a href=\"http:\/\/www.jschamberi.org\/blog\/?attachment_id=2766\"><img loading=\"lazy\" decoding=\"async\" width=\"1024\" height=\"660\" src=\"http:\/\/www.jschamberi.org\/blog\/wp-content\/uploads\/2009\/10\/la-foto-1024x660.jpg\" alt=\"la foto\" class=\"wp-image-2766\" srcset=\"https:\/\/www.jschamberi.org\/blog\/wp-content\/uploads\/2009\/10\/la-foto-1024x660.jpg 1024w, https:\/\/www.jschamberi.org\/blog\/wp-content\/uploads\/2009\/10\/la-foto-300x193.jpg 300w\" sizes=\"(max-width: 1024px) 100vw, 1024px\" \/><\/a><\/figure><\/div>\n\n\n\n<div class=\"wp-block-image\"><figure class=\"aligncenter\"><a href=\"http:\/\/www.jschamberi.org\/blog\/?attachment_id=2768\"><img loading=\"lazy\" decoding=\"async\" width=\"961\" height=\"379\" src=\"http:\/\/www.jschamberi.org\/blog\/wp-content\/uploads\/2009\/10\/Foto-JSCh2.jpg\" alt=\"Foto-JSCh\" class=\"wp-image-2768\" srcset=\"https:\/\/www.jschamberi.org\/blog\/wp-content\/uploads\/2009\/10\/Foto-JSCh2.jpg 961w, https:\/\/www.jschamberi.org\/blog\/wp-content\/uploads\/2009\/10\/Foto-JSCh2-300x118.jpg 300w\" sizes=\"(max-width: 961px) 100vw, 961px\" \/><\/a><\/figure><\/div>\n","protected":false},"excerpt":{"rendered":"<p>Bienvenid@ compa\u00f1er@ a la p\u00e1gina web de Juventudes Socialistas de Chamber\u00ed, una organizaci\u00f3n pol\u00edtica y juvenil con ganas de mejorar la realidad social, convencidos de que no podemos quedarnos indiferentes y no alzar la voz ante las injusticias y las desigualdades de nuestro alrededor. Miembros de la Comisi\u00f3n Ejecutiva de Distrito (CED) de Juventudes Socialistas <a class=\"read-more\" href=\"https:\/\/www.jschamberi.org\/blog\/?page_id=3793\">Leer m\u00e1s<\/a><\/p>\n","protected":false},"author":20,"featured_media":0,"parent":0,"menu_order":0,"comment_status":"closed","ping_status":"closed","template":"","meta":{"footnotes":""},"class_list":["post-3793","page","type-page","status-publish","hentry"],"yoast_head":"<!-- This site is optimized with the Yoast SEO plugin v23.7 - https:\/\/yoast.com\/wordpress\/plugins\/seo\/ -->\n<title>Nosotros - Juventudes Socialistas de Chamber\u00ed<\/title>\n<meta name=\"robots\" content=\"index, follow, max-snippet:-1, max-image-preview:large, max-video-preview:-1\" \/>\n<link rel=\"canonical\" href=\"https:\/\/www.jschamberi.org\/blog\/?page_id=3793\" \/>\n<meta property=\"og:locale\" content=\"es_ES\" \/>\n<meta property=\"og:type\" content=\"article\" \/>\n<meta property=\"og:title\" content=\"Nosotros - Juventudes Socialistas de Chamber\u00ed\" \/>\n<meta property=\"og:description\" content=\"Bienvenid@ compa\u00f1er@ a la p\u00e1gina web de Juventudes Socialistas de Chamber\u00ed, una organizaci\u00f3n pol\u00edtica y juvenil con ganas de mejorar la realidad social, convencidos de que no podemos quedarnos indiferentes y no alzar la voz ante las injusticias y las desigualdades de nuestro alrededor. Miembros de la Comisi\u00f3n Ejecutiva de Distrito (CED) de Juventudes Socialistas Leer m\u00e1s\" \/>\n<meta property=\"og:url\" content=\"https:\/\/www.jschamberi.org\/blog\/?page_id=3793\" \/>\n<meta property=\"og:site_name\" content=\"Juventudes Socialistas de Chamber\u00ed\" \/>\n<meta property=\"article:modified_time\" content=\"2024-10-22T14:59:08+00:00\" \/>\n<meta property=\"og:image\" content=\"http:\/\/www.jschamberi.org\/blog\/wp-content\/uploads\/2009\/10\/la-foto-1024x660.jpg\" \/>\n<meta name=\"twitter:card\" content=\"summary_large_image\" \/>\n<meta name=\"twitter:label1\" content=\"Tiempo de lectura\" \/>\n\t<meta name=\"twitter:data1\" content=\"2 minutos\" \/>\n<script type=\"application\/ld+json\" class=\"yoast-schema-graph\">{\"@context\":\"https:\/\/schema.org\",\"@graph\":[{\"@type\":\"WebPage\",\"@id\":\"https:\/\/www.jschamberi.org\/blog\/?page_id=3793\",\"url\":\"https:\/\/www.jschamberi.org\/blog\/?page_id=3793\",\"name\":\"Nosotros - Juventudes Socialistas de Chamber\u00ed\",\"isPartOf\":{\"@id\":\"https:\/\/www.jschamberi.org\/blog\/#website\"},\"primaryImageOfPage\":{\"@id\":\"https:\/\/www.jschamberi.org\/blog\/?page_id=3793#primaryimage\"},\"image\":{\"@id\":\"https:\/\/www.jschamberi.org\/blog\/?page_id=3793#primaryimage\"},\"thumbnailUrl\":\"http:\/\/www.jschamberi.org\/blog\/wp-content\/uploads\/2009\/10\/la-foto-1024x660.jpg\",\"datePublished\":\"2021-02-21T13:31:34+00:00\",\"dateModified\":\"2024-10-22T14:59:08+00:00\",\"breadcrumb\":{\"@id\":\"https:\/\/www.jschamberi.org\/blog\/?page_id=3793#breadcrumb\"},\"inLanguage\":\"es\",\"potentialAction\":[{\"@type\":\"ReadAction\",\"target\":[\"https:\/\/www.jschamberi.org\/blog\/?page_id=3793\"]}]},{\"@type\":\"ImageObject\",\"inLanguage\":\"es\",\"@id\":\"https:\/\/www.jschamberi.org\/blog\/?page_id=3793#primaryimage\",\"url\":\"https:\/\/www.jschamberi.org\/blog\/wp-content\/uploads\/2009\/10\/la-foto.jpg\",\"contentUrl\":\"https:\/\/www.jschamberi.org\/blog\/wp-content\/uploads\/2009\/10\/la-foto.jpg\",\"width\":3260,\"height\":2102},{\"@type\":\"BreadcrumbList\",\"@id\":\"https:\/\/www.jschamberi.org\/blog\/?page_id=3793#breadcrumb\",\"itemListElement\":[{\"@type\":\"ListItem\",\"position\":1,\"name\":\"Home\",\"item\":\"https:\/\/www.jschamberi.org\/blog\/\"},{\"@type\":\"ListItem\",\"position\":2,\"name\":\"Nosotros\"}]},{\"@type\":\"WebSite\",\"@id\":\"https:\/\/www.jschamberi.org\/blog\/#website\",\"url\":\"https:\/\/www.jschamberi.org\/blog\/\",\"name\":\"Juventudes Socialistas de Chamber\u00ed\",\"description\":\"\",\"potentialAction\":[{\"@type\":\"SearchAction\",\"target\":{\"@type\":\"EntryPoint\",\"urlTemplate\":\"https:\/\/www.jschamberi.org\/blog\/?s={search_term_string}\"},\"query-input\":{\"@type\":\"PropertyValueSpecification\",\"valueRequired\":true,\"valueName\":\"search_term_string\"}}],\"inLanguage\":\"es\"}]}<\/script>\n<!-- \/ Yoast SEO plugin. -->","yoast_head_json":{"title":"Nosotros - Juventudes Socialistas de Chamber\u00ed","robots":{"index":"index","follow":"follow","max-snippet":"max-snippet:-1","max-image-preview":"max-image-preview:large","max-video-preview":"max-video-preview:-1"},"canonical":"https:\/\/www.jschamberi.org\/blog\/?page_id=3793","og_locale":"es_ES","og_type":"article","og_title":"Nosotros - Juventudes Socialistas de Chamber\u00ed","og_description":"Bienvenid@ compa\u00f1er@ a la p\u00e1gina web de Juventudes Socialistas de Chamber\u00ed, una organizaci\u00f3n pol\u00edtica y juvenil con ganas de mejorar la realidad social, convencidos de que no podemos quedarnos indiferentes y no alzar la voz ante las injusticias y las desigualdades de nuestro alrededor. Miembros de la Comisi\u00f3n Ejecutiva de Distrito (CED) de Juventudes Socialistas Leer m\u00e1s","og_url":"https:\/\/www.jschamberi.org\/blog\/?page_id=3793","og_site_name":"Juventudes Socialistas de Chamber\u00ed","article_modified_time":"2024-10-22T14:59:08+00:00","og_image":[{"url":"http:\/\/www.jschamberi.org\/blog\/wp-content\/uploads\/2009\/10\/la-foto-1024x660.jpg"}],"twitter_card":"summary_large_image","twitter_misc":{"Tiempo de lectura":"2 minutos"},"schema":{"@context":"https:\/\/schema.org","@graph":[{"@type":"WebPage","@id":"https:\/\/www.jschamberi.org\/blog\/?page_id=3793","url":"https:\/\/www.jschamberi.org\/blog\/?page_id=3793","name":"Nosotros - Juventudes Socialistas de Chamber\u00ed","isPartOf":{"@id":"https:\/\/www.jschamberi.org\/blog\/#website"},"primaryImageOfPage":{"@id":"https:\/\/www.jschamberi.org\/blog\/?page_id=3793#primaryimage"},"image":{"@id":"https:\/\/www.jschamberi.org\/blog\/?page_id=3793#primaryimage"},"thumbnailUrl":"http:\/\/www.jschamberi.org\/blog\/wp-content\/uploads\/2009\/10\/la-foto-1024x660.jpg","datePublished":"2021-02-21T13:31:34+00:00","dateModified":"2024-10-22T14:59:08+00:00","breadcrumb":{"@id":"https:\/\/www.jschamberi.org\/blog\/?page_id=3793#breadcrumb"},"inLanguage":"es","potentialAction":[{"@type":"ReadAction","target":["https:\/\/www.jschamberi.org\/blog\/?page_id=3793"]}]},{"@type":"ImageObject","inLanguage":"es","@id":"https:\/\/www.jschamberi.org\/blog\/?page_id=3793#primaryimage","url":"https:\/\/www.jschamberi.org\/blog\/wp-content\/uploads\/2009\/10\/la-foto.jpg","contentUrl":"https:\/\/www.jschamberi.org\/blog\/wp-content\/uploads\/2009\/10\/la-foto.jpg","width":3260,"height":2102},{"@type":"BreadcrumbList","@id":"https:\/\/www.jschamberi.org\/blog\/?page_id=3793#breadcrumb","itemListElement":[{"@type":"ListItem","position":1,"name":"Home","item":"https:\/\/www.jschamberi.org\/blog\/"},{"@type":"ListItem","position":2,"name":"Nosotros"}]},{"@type":"WebSite","@id":"https:\/\/www.jschamberi.org\/blog\/#website","url":"https:\/\/www.jschamberi.org\/blog\/","name":"Juventudes Socialistas de Chamber\u00ed","description":"","potentialAction":[{"@type":"SearchAction","target":{"@type":"EntryPoint","urlTemplate":"https:\/\/www.jschamberi.org\/blog\/?s={search_term_string}"},"query-input":{"@type":"PropertyValueSpecification","valueRequired":true,"valueName":"search_term_string"}}],"inLanguage":"es"}]}},"_links":{"self":[{"href":"https:\/\/www.jschamberi.org\/blog\/index.php?rest_route=\/wp\/v2\/pages\/3793"}],"collection":[{"href":"https:\/\/www.jschamberi.org\/blog\/index.php?rest_route=\/wp\/v2\/pages"}],"about":[{"href":"https:\/\/www.jschamberi.org\/blog\/index.php?rest_route=\/wp\/v2\/types\/page"}],"author":[{"embeddable":true,"href":"https:\/\/www.jschamberi.org\/blog\/index.php?rest_route=\/wp\/v2\/users\/20"}],"replies":[{"embeddable":true,"href":"https:\/\/www.jschamberi.org\/blog\/index.php?rest_route=%2Fwp%2Fv2%2Fcomments&post=3793"}],"version-history":[{"count":11,"href":"https:\/\/www.jschamberi.org\/blog\/index.php?rest_route=\/wp\/v2\/pages\/3793\/revisions"}],"predecessor-version":[{"id":3920,"href":"https:\/\/www.jschamberi.org\/blog\/index.php?rest_route=\/wp\/v2\/pages\/3793\/revisions\/3920"}],"wp:attachment":[{"href":"https:\/\/www.jschamberi.org\/blog\/index.php?rest_route=%2Fwp%2Fv2%2Fmedia&parent=3793"}],"curies":[{"name":"wp","href":"https:\/\/api.w.org\/{rel}","templated":true}]}}